{"id":23,"date":"2024-06-28T10:19:06","date_gmt":"2024-06-28T10:19:06","guid":{"rendered":"https:\/\/feriendomizilaufderzollernalb.de\/?page_id=23"},"modified":"2024-07-01T20:15:13","modified_gmt":"2024-07-01T20:15:13","slug":"ausblicke","status":"publish","type":"page","link":"https:\/\/feriendomizilaufderzollernalb.de\/?page_id=23","title":{"rendered":"Ausblicke und Freizeitziele"},"content":{"rendered":"\n<div style=\"height:54px\" aria-hidden=\"true\" class=\"wp-block-spacer\"><\/div>\n\n\n\n<p><\/p>\n\n\n<div class=\"vlp-link-container vlp-layout-basic wp-block-visual-link-preview-link\"><a href=\"https:\/\/www.albstadt-tourismus.de\/entdecken\/natur\/aussichten\" class=\"vlp-link\" title=\"Aussichtspunkte am Trauf in Albstadt\" rel=\"nofollow\" target=\"_blank\"><\/a><div class=\"vlp-layout-zone-side\"><div class=\"vlp-block-2 vlp-link-image\"><img decoding=\"async\" src=\"https:\/\/www.albstadt-tourismus.de\/_Resources\/Persistent\/ee6d326a38e4fa64064dfc1c6173365a50ff3473\/Gr%C3%A4belesberg%20%C2%A9%20Albstadt%20Tourismus%20(4)-942x628.jpg\" style=\"max-width: 150px; max-height: 150px\" \/><\/div><\/div><div class=\"vlp-layout-zone-main\"><div class=\"vlp-block-0 vlp-link-title\">Aussichtspunkte am Trauf in Albstadt<\/div><div class=\"vlp-block-1 vlp-link-summary\">Und dann muss man ja auch noch Zeit haben, einfach dazusitzen und vor sich hinzuschauen.<\/div><\/div><\/div>\n\n<div class=\"vlp-link-container vlp-layout-basic wp-block-visual-link-preview-link\"><a href=\"https:\/\/travelsanne.de\/sehenswuerdigkeiten-schwaebische-alb-mit-kindern-sonnenbuehl\/\" class=\"vlp-link\" title=\"Sehensw\u00fcrdigkeiten Schw\u00e4bische Alb: 16 Ausflugsziele mit Kindern - Familien-Reiseblog Travelsanne\" rel=\"nofollow\" target=\"_blank\"><\/a><div class=\"vlp-layout-zone-side\"><div class=\"vlp-block-2 vlp-link-image\"><img decoding=\"async\" src=\"https:\/\/travelsanne.de\/wp-content\/uploads\/2020\/05\/Ausflugsziel-Schloss-Lichtenstein-quer.jpg\" style=\"max-width: 150px; max-height: 150px\" \/><\/div><\/div><div class=\"vlp-layout-zone-main\"><div class=\"vlp-block-0 vlp-link-title\">Sehensw\u00fcrdigkeiten Schw\u00e4bische Alb: 16 Ausflugsziele mit Kindern &#8211; Familien-Reiseblog Travelsanne<\/div><div class=\"vlp-block-1 vlp-link-summary\">Entdeckt mit Kindern die sch\u00f6nsten Sehensw\u00fcrdigkeiten der Schw\u00e4bischen Alb: Tropfsteinh\u00f6hlen, ein M\u00e4rchenschloss &amp; den K\u00e4ltepol Deutschlands in Sonnenb\u00fchl.<\/div><\/div><\/div>\n\n<div class=\"vlp-link-container vlp-layout-basic wp-block-visual-link-preview-link\"><a href=\"https:\/\/www.burg-hohenzollern.com\/\" class=\"vlp-link\" title=\"Startpage - Burg Hohenzollern EN\" rel=\"nofollow\" target=\"_blank\"><\/a><div class=\"vlp-layout-zone-side\"><div class=\"vlp-block-2 vlp-link-image\"><img decoding=\"async\" src=\"https:\/\/www.burg-hohenzollern.com\/tl_files\/bhz_design\/img\/Startseite-Slide-Bilder\/startseite_burg1.jpg\" style=\"max-width: 150px; max-height: 150px\" \/><\/div><\/div><div class=\"vlp-layout-zone-main\"><div class=\"vlp-block-0 vlp-link-title\">Startpage &#8211; Burg Hohenzollern EN<\/div><\/div><\/div>\n\n<div class=\"vlp-link-container vlp-layout-basic wp-block-visual-link-preview-link\"><a href=\"https:\/\/kletterpark-waldheim.de\/\" class=\"vlp-link\" title=\"Kletterpark Waldheim | Albstadt | Zwischen Gl\u00fccksgef\u00fchl &amp; Nervenkitzel\" rel=\"nofollow\" target=\"_blank\"><\/a><div class=\"vlp-layout-zone-side\"><div class=\"vlp-block-2 vlp-link-image\"><img decoding=\"async\" src=\"https:\/\/kletterpark-waldheim.de\/images\/logo-kletterpark-waldheim-2.png\" style=\"max-width: 150px; max-height: 150px\" \/><\/div><\/div><div class=\"vlp-layout-zone-main\"><div class=\"vlp-block-0 vlp-link-title\">Kletterpark Waldheim | Albstadt | Zwischen Gl\u00fccksgef\u00fchl &amp; Nervenkitzel<\/div><div class=\"vlp-block-1 vlp-link-summary\">Der Kletterpark Waldheim in Albstadt Ebingen bietet f\u00fcr ganz besondere Erlebnise. Es warten 13 verschiedene Parcours mit unterschiedlichen Schwierigkeitsgraden, welche \u00fcber ein Sicherungssystem gesichert sind.<\/div><\/div><\/div>\n\n<div class=\"vlp-link-container vlp-layout-basic wp-block-visual-link-preview-link\"><a href=\"https:\/\/badkap.de\/\" class=\"vlp-link\" title=\"Home - Badkap Albstadt\" rel=\"nofollow\" target=\"_blank\"><\/a><div class=\"vlp-layout-zone-side\"><div class=\"vlp-block-2 vlp-link-image\"><img decoding=\"async\" src=\"https:\/\/badkap.de\/_assets\/38517ccf7a58e217fc319c76a6113aa9\/Images\/logo.svg\" style=\"max-width: 150px; max-height: 150px\" \/><\/div><\/div><div class=\"vlp-layout-zone-main\"><div class=\"vlp-block-0 vlp-link-title\">Home &#8211; Badkap Albstadt<\/div><div class=\"vlp-block-1 vlp-link-summary\">Ideal f\u00fcr deine Freizeitgestaltung zu zweit oder mit der Familie: Im badkap Albstadt auf der Schw\u00e4bischen Alb kannst du baden, die gro\u00dfz\u00fcgige Sauna besuchen, eine Massage genie\u00dfen oder einfach entspannen.<\/div><\/div><\/div>\n\n\n<div style=\"height:100px\" aria-hidden=\"true\" class=\"wp-block-spacer\"><\/div>\n\n\n\n<figure class=\"wp-block-gallery has-nested-images columns-default is-cropped wp-block-gallery-1 is-layout-flex wp-block-gallery-is-layout-flex\">\n<figure class=\"wp-block-image size-large\"><img fetchpriority=\"high\" decoding=\"async\" width=\"1024\" height=\"688\" data-id=\"110\" src=\"https:\/\/feriendomizilaufderzollernalb.de\/wp-content\/uploads\/2024\/07\/1-1024x688.jpg\" alt=\"\" class=\"wp-image-110\" srcset=\"https:\/\/feriendomizilaufderzollernalb.de\/wp-content\/uploads\/2024\/07\/1-1024x688.jpg 1024w, https:\/\/feriendomizilaufderzollernalb.de\/wp-content\/uploads\/2024\/07\/1-300x202.jpg 300w, https:\/\/feriendomizilaufderzollernalb.de\/wp-content\/uploads\/2024\/07\/1.jpg 1307w\" sizes=\"(max-width: 1024px) 100vw, 1024px\" \/><\/figure>\n\n\n\n<figure class=\"wp-block-image size-large\"><img decoding=\"async\" width=\"1024\" height=\"680\" data-id=\"113\" src=\"https:\/\/feriendomizilaufderzollernalb.de\/wp-content\/uploads\/2024\/07\/2-1024x680.jpg\" alt=\"\" class=\"wp-image-113\" srcset=\"https:\/\/feriendomizilaufderzollernalb.de\/wp-content\/uploads\/2024\/07\/2-1024x680.jpg 1024w, https:\/\/feriendomizilaufderzollernalb.de\/wp-content\/uploads\/2024\/07\/2-300x199.jpg 300w, https:\/\/feriendomizilaufderzollernalb.de\/wp-content\/uploads\/2024\/07\/2.jpg 1311w\" sizes=\"(max-width: 1024px) 100vw, 1024px\" \/><\/figure>\n\n\n\n<figure class=\"wp-block-image size-large\"><img decoding=\"async\" width=\"1024\" height=\"682\" data-id=\"114\" src=\"https:\/\/feriendomizilaufderzollernalb.de\/wp-content\/uploads\/2024\/07\/3-1024x682.jpg\" alt=\"\" class=\"wp-image-114\" srcset=\"https:\/\/feriendomizilaufderzollernalb.de\/wp-content\/uploads\/2024\/07\/3-1024x682.jpg 1024w, https:\/\/feriendomizilaufderzollernalb.de\/wp-content\/uploads\/2024\/07\/3-300x200.jpg 300w, https:\/\/feriendomizilaufderzollernalb.de\/wp-content\/uploads\/2024\/07\/3-600x400.jpg 600w, https:\/\/feriendomizilaufderzollernalb.de\/wp-content\/uploads\/2024\/07\/3-1200x800.jpg 1200w, https:\/\/feriendomizilaufderzollernalb.de\/wp-content\/uploads\/2024\/07\/3.jpg 1308w\" sizes=\"(max-width: 1024px) 100vw, 1024px\" \/><\/figure>\n\n\n\n<figure class=\"wp-block-image size-large\"><img loading=\"lazy\" decoding=\"async\" width=\"1024\" height=\"681\" data-id=\"112\" src=\"https:\/\/feriendomizilaufderzollernalb.de\/wp-content\/uploads\/2024\/07\/4-1024x681.jpg\" alt=\"\" class=\"wp-image-112\" srcset=\"https:\/\/feriendomizilaufderzollernalb.de\/wp-content\/uploads\/2024\/07\/4-1024x681.jpg 1024w, https:\/\/feriendomizilaufderzollernalb.de\/wp-content\/uploads\/2024\/07\/4-300x200.jpg 300w, https:\/\/feriendomizilaufderzollernalb.de\/wp-content\/uploads\/2024\/07\/4-600x400.jpg 600w, https:\/\/feriendomizilaufderzollernalb.de\/wp-content\/uploads\/2024\/07\/4.jpg 1306w\" sizes=\"(max-width: 1024px) 100vw, 1024px\" \/><\/figure>\n\n\n\n<figure class=\"wp-block-image size-large\"><img loading=\"lazy\" decoding=\"async\" width=\"965\" height=\"871\" data-id=\"109\" src=\"https:\/\/feriendomizilaufderzollernalb.de\/wp-content\/uploads\/2024\/07\/5.jpg\" alt=\"\" class=\"wp-image-109\" srcset=\"https:\/\/feriendomizilaufderzollernalb.de\/wp-content\/uploads\/2024\/07\/5.jpg 965w, https:\/\/feriendomizilaufderzollernalb.de\/wp-content\/uploads\/2024\/07\/5-300x271.jpg 300w\" sizes=\"(max-width: 965px) 100vw, 965px\" \/><\/figure>\n\n\n\n<figure class=\"wp-block-image size-large\"><img loading=\"lazy\" decoding=\"async\" width=\"1024\" height=\"592\" data-id=\"111\" src=\"https:\/\/feriendomizilaufderzollernalb.de\/wp-content\/uploads\/2024\/07\/6-1024x592.jpg\" alt=\"\" class=\"wp-image-111\" srcset=\"https:\/\/feriendomizilaufderzollernalb.de\/wp-content\/uploads\/2024\/07\/6-1024x592.jpg 1024w, https:\/\/feriendomizilaufderzollernalb.de\/wp-content\/uploads\/2024\/07\/6-300x173.jpg 300w, https:\/\/feriendomizilaufderzollernalb.de\/wp-content\/uploads\/2024\/07\/6.jpg 1538w\" sizes=\"(max-width: 1024px) 100vw, 1024px\" \/><\/figure>\n<\/figure>\n\n\n\n<div style=\"height:100px\" aria-hidden=\"true\" class=\"wp-block-spacer\"><\/div>\n","protected":false},"excerpt":{"rendered":"","protected":false},"author":1,"featured_media":0,"parent":0,"menu_order":0,"comment_status":"closed","ping_status":"closed","template":"","meta":{"footnotes":""},"class_list":["post-23","page","type-page","status-publish","hentry"],"featured_media_urls":[],"_links":{"self":[{"href":"https:\/\/feriendomizilaufderzollernalb.de\/index.php?rest_route=\/wp\/v2\/pages\/23","targetHints":{"allow":["GET"]}}],"collection":[{"href":"https:\/\/feriendomizilaufderzollernalb.de\/index.php?rest_route=\/wp\/v2\/pages"}],"about":[{"href":"https:\/\/feriendomizilaufderzollernalb.de\/index.php?rest_route=\/wp\/v2\/types\/page"}],"author":[{"embeddable":true,"href":"https:\/\/feriendomizilaufderzollernalb.de\/index.php?rest_route=\/wp\/v2\/users\/1"}],"replies":[{"embeddable":true,"href":"https:\/\/feriendomizilaufderzollernalb.de\/index.php?rest_route=%2Fwp%2Fv2%2Fcomments&post=23"}],"version-history":[{"count":12,"href":"https:\/\/feriendomizilaufderzollernalb.de\/index.php?rest_route=\/wp\/v2\/pages\/23\/revisions"}],"predecessor-version":[{"id":147,"href":"https:\/\/feriendomizilaufderzollernalb.de\/index.php?rest_route=\/wp\/v2\/pages\/23\/revisions\/147"}],"wp:attachment":[{"href":"https:\/\/feriendomizilaufderzollernalb.de\/index.php?rest_route=%2Fwp%2Fv2%2Fmedia&parent=23"}],"curies":[{"name":"wp","href":"https:\/\/api.w.org\/{rel}","templated":true}]}}